{"id":141,"date":"2017-07-12T19:43:21","date_gmt":"2017-07-12T17:43:21","guid":{"rendered":"http:\/\/personal-connection.eu\/?page_id=141"},"modified":"2025-05-05T10:44:54","modified_gmt":"2025-05-05T08:44:54","slug":"datenschutz","status":"publish","type":"page","link":"https:\/\/www.personal-connection.eu\/pl\/datenschutz\/","title":{"rendered":"Datenschutz"},"content":{"rendered":"<div class=\"wpb-content-wrapper\"><p>[vc_row css=&#8221;.vc_custom_1499881382708{padding-top: 50px !important;padding-bottom: 50px !important;}&#8221;][vc_column][vc_raw_js]JTNDc2NyaXB0JTIwdHlwZSUzRCUyMnRleHQlMkZqYXZhc2NyaXB0JTIyJTNFJTBBdmFyJTIwZ2FQcm9wZXJ0eSUyMCUzRCUyMCUyN1VBLTExMzg4Mjc3MS0xJTI3JTNCJTBBdmFyJTIwZGlzYWJsZVN0ciUyMCUzRCUyMCUyN2dhLWRpc2FibGUtJTI3JTIwJTJCJTIwZ2FQcm9wZXJ0eSUzQiUwQWlmJTIwJTI4ZG9jdW1lbnQuY29va2llLmluZGV4T2YlMjhkaXNhYmxlU3RyJTIwJTJCJTIwJTI3JTNEdHJ1ZSUyNyUyOSUyMCUzRSUyMC0xJTI5JTIwJTdCJTBBd2luZG93JTVCZGlzYWJsZVN0ciU1RCUyMCUzRCUyMHRydWUlM0IlMEElN0QlMEFmdW5jdGlvbiUyMGdhT3B0b3V0JTI4JTI5JTIwJTdCJTBBZG9jdW1lbnQuY29va2llJTIwJTNEJTIwZGlzYWJsZVN0ciUyMCUyQiUyMCUyNyUzRHRydWUlM0IlMjBleHBpcmVzJTNEVGh1JTJDJTIwMzElMjBEZWMlMjAyMDk5JTIwMjMlM0E1OSUzQTU5JTIwVVRDJTNCJTBBcGF0aCUzRCUyRiUyNyUzQiUwQXdpbmRvdyU1QmRpc2FibGVTdHIlNUQlMjAlM0QlMjB0cnVlJTNCJTBBJTdEJTBBJTNDJTJGc2NyaXB0JTNF[\/vc_raw_js][vc_row_inner][vc_column_inner][vc_column_text css=&#8221;&#8221;]<\/p>\n<h3 class=\"content\">O\u015bwiadczenie o ochronie danych<\/h3>\n<p>Cieszymy si\u0119 bardzo z zainteresowania nasz\u0105 firm\u0105. Ochrona danych osobowych ma istotne znaczenie przy prowadzeniu spraw od personal-connection GmbH. W zasadzie korzystanie ze stron internetowych personal-connection GmbH jest mo\u017cliwe bez konieczno\u015bci podawania jakichkolwiek danych osobowych. Je\u015bli jednak osoba, kt\u00f3rej dane dotycz\u0105, chcia\u0142aby korzysta\u0107 ze specjalnych us\u0142ug naszej firmy poprzez nasz\u0105 stron\u0119 internetow\u0105, wtedy przetwarzanie danych osobowych mo\u017ce okaza\u0107 si\u0119 konieczne. Je\u017celi zachodzi konieczno\u015b\u0107 przetwarzania danych, a nie ma podstawy prawnej dla tego rodzaju dzia\u0142ania, uzyskujemy generalnie zgod\u0119 osoby, kt\u00f3rej dane dotycz\u0105.<\/p>\n<p>Przetwarzanie danych osobowych takich jak nazwisko, adres, adres e-mail lub numer telefonu osoby, kt\u00f3rej dane dotycz\u0105, odbywa si\u0119 zawsze zgodnie z og\u00f3lnym rozporz\u0105dzeniem o ochronie danych oraz w zgodzie z obowi\u0105zuj\u0105cymi dla personal-connection GmbH w danym kraju specyficznymi przepisami o ochronie danych. Poprzez niniejsze o\u015bwiadczenie o ochronie danych nasze przedsi\u0119biorstwo pragnie przekaza\u0107 do wiadomo\u015bci publicznej informacje, jaki jest charakter, zakres oraz cel zbieranych, u\u017cywanych i przetwarzanych przez nas danych osobowych. Niniejsze o\u015bwiadczenie ma r\u00f3wnie\u017c na celu poinformowa\u0107 osoby, kt\u00f3rych dane dotycz\u0105, o przys\u0142uguj\u0105cych im prawach.<\/p>\n<p>personal-connection GmbH jako odpowiedzialny za przetwarzanie administrator wdro\u017cy\u0142 liczne \u015brodki techniczne oraz organizacyjne w celu zapewnienia najskuteczniej ochrony danych osobowych, kt\u00f3re s\u0105 przetwarzane za po\u015brednictwem niniejszej strony internetowej. Internetowe przesy\u0142y danych mog\u0105 jednak wykazywa\u0107 luki w \u015brodkach bezpiecze\u0144stwa, wi\u0119c absolutna ochrona nie mo\u017ce by\u0107 zagwarantowana. Z tego wzgl\u0119du ka\u017cda osoba, kt\u00f3rej dane dotycz\u0105, mo\u017ce nam przes\u0142a\u0107 dane osobowe w inny spos\u00f3b, na przyk\u0142ad telefonicznie.<br \/>\n<strong><br \/>\n1. Definicje.<\/strong><br \/>\nO\u015bwiadczenie o ochronie danych od personal-connection GmbH opiera si\u0119 na terminologii stosowanej przez ustawodawc\u0119 Unii Europejskiej przy wydawaniu og\u00f3lnego rozporz\u0105dzenia o ochronie danych (w skr\u00f3cie \u201eRODO&#8221;). Nasze o\u015bwiadczenie o ochronie danych powinno by\u0107 \u0142atwe do przeczytania i zrozumia\u0142e zar\u00f3wno dla wszystkich, jak i dla naszych klient\u00f3w i partner\u00f3w biznesowych. W tym celu chcieliby\u015bmy z wyprzedzeniem wyja\u015bni\u0107 stosowan\u0105 przez nas terminologi\u0119.<\/p>\n<p>W niniejszym o\u015bwiadczeniu o ochronie danych stosujemy mi\u0119dzy innymi nast\u0119puj\u0105ce poj\u0119cia:<\/p>\n<ul style=\"list-style: none;\">\n<li><strong>a) Dane osobowe.<\/strong><br \/>\nDane osobowe to wszelkie informacje dotycz\u0105ce zidentyfikowanej lub mo\u017cliwej do zidentyfikowania osoby fizycznej (zwane dalej \u201eosob\u0105, kt\u00f3rej dane dotycz\u0105&#8221;). Mo\u017cliwa do zidentyfikowania osoba fizyczna to osoba, kt\u00f3r\u0105 mo\u017cna bezpo\u015brednio lub po\u015brednio zidentyfikowa\u0107, w szczeg\u00f3lno\u015bci na podstawie identyfikatora takiego jak nazwisko, numer identyfikacyjny, dane o lokalizacji, identyfikator internetowy lub jeden b\u0105d\u017a kilka szczeg\u00f3lnych czynnik\u00f3w okre\u015blaj\u0105cych fizyczn\u0105, fizjologiczn\u0105, genetyczn\u0105, psychiczn\u0105, ekonomiczn\u0105, kulturow\u0105 lub spo\u0142eczn\u0105 to\u017csamo\u015b\u0107 osoby fizycznej.<\/li>\n<li><strong>b) Osoba, kt\u00f3rej dane dotycz\u0105.<\/strong><br \/>\nOsoba, kt\u00f3rej dane dotycz\u0105, to ka\u017cda zidentyfikowana lub mo\u017cliwa do zidentyfikowania osoba fizyczna, kt\u00f3rej dane osobowe s\u0105 przetwarzane przez administratora.<\/li>\n<li><strong>c) Przetwarzanie.<\/strong><br \/>\nPrzetwarzanie oznacza operacj\u0119 lub zestaw operacji wykonywanych na danych osobowych lub zestawach danych osobowych w spos\u00f3b zautomatyzowany lub niezautomatyzowany, tak\u0105 jak zbieranie, utrwalanie, organizowanie, porz\u0105dkowanie, przechowywanie, adaptowanie lub modyfikowanie, pobieranie, przegl\u0105danie, wykorzystywanie, ujawnianie poprzez przes\u0142anie, rozpowszechnianie lub innego rodzaju udost\u0119pnianie, dopasowywanie lub \u0142\u0105czenie, ograniczanie, usuwanie lub niszczenie.<\/li>\n<li><strong>d) Ograniczenie przetwarzania.<\/strong><br \/>\nOgraniczenie przetwarzania jest to oznaczenie przechowywanych danych osobowych w celu ograniczenia ich przysz\u0142ego przetwarzania.<\/li>\n<li><strong>e) Profilowanie.<\/strong><br \/>\nProfilowanie oznacza dowoln\u0105 form\u0119 zautomatyzowanego przetwarzania danych osobowych, kt\u00f3re polega na wykorzystaniu danych osobowych do oceny niekt\u00f3rych czynnik\u00f3w osobowych osoby fizycznej, w szczeg\u00f3lno\u015bci do analizy lub prognozy aspekt\u00f3w dotycz\u0105cych efekt\u00f3w pracy tej osoby fizycznej, jej sytuacji ekonomicznej, zdrowia, osobistych preferencji, zainteresowa\u0144, wiarygodno\u015bci, zachowania, lokalizacji lub przemieszczania si\u0119.<\/li>\n<li><strong>f) Pseudonimizacja.<\/strong><br \/>\nPseudonimizacja oznacza przetworzenie danych osobowych w taki spos\u00f3b, by nie mo\u017cna ich by\u0142o ju\u017c przypisa\u0107 konkretnej osobie, kt\u00f3rej dane dotycz\u0105, bez u\u017cycia dodatkowych informacji, pod warunkiem \u017ce takie dodatkowe informacje s\u0105 przechowywane osobno i s\u0105 obj\u0119te \u015brodkami technicznymi i organizacyjnymi uniemo\u017cliwiaj\u0105cymi ich przypisanie zidentyfikowanej lub mo\u017cliwej do zidentyfikowania osobie fizycznej.<\/li>\n<li><strong>g) Administrator.<\/strong><br \/>\nAdministrator oznacza osob\u0119 fizyczn\u0105 lub prawn\u0105, organ publiczny, jednostk\u0119 lub inny podmiot, kt\u00f3ry samodzielnie lub wsp\u00f3lnie z innymi ustala cele i sposoby przetwarzania danych osobowych. Je\u017celi cele i sposoby takiego przetwarzania s\u0105 okre\u015blone w prawie Unii lub w prawie pa\u0144stwa cz\u0142onkowskiego, to r\u00f3wnie\u017c w prawie Unii lub w prawie pa\u0144stwa cz\u0142onkowskiego mo\u017ce zosta\u0107 wyznaczony administrator lub mog\u0105 zosta\u0107 okre\u015blone konkretne kryteria jego wyznaczania.<\/li>\n<li><strong>h) Podmiot przetwarzaj\u0105cy.<\/strong><br \/>\nPodmiot przetwarzaj\u0105cy oznacza osob\u0119 fizyczn\u0105 lub prawn\u0105, organ publiczny, jednostk\u0119 lub inny podmiot, kt\u00f3ry przetwarza dane osobowe w imieniu administratora.<\/li>\n<li><strong>i) Odbiorca.<\/strong><br \/>\nOdbiorca oznacza osob\u0119 fizyczn\u0105 lub prawn\u0105, organ publiczny, jednostk\u0119 lub inny podmiot, kt\u00f3remu ujawnia si\u0119 dane osobowe, niezale\u017cnie od tego, czy jest stron\u0105 trzeci\u0105. Organy publiczne, kt\u00f3re mog\u0105 otrzymywa\u0107 dane osobowe w ramach konkretnego post\u0119powania zgodnie z prawem Unii lub prawem pa\u0144stwa cz\u0142onkowskiego, nie s\u0105 jednak uznawane za odbiorc\u00f3w.<\/li>\n<li><strong>j) Strona trzecia.<\/strong><br \/>\nStrona trzecia oznacza osob\u0119 fizyczn\u0105 lub prawn\u0105, organ publiczny, jednostk\u0119 lub podmiot inny ni\u017c osoba, kt\u00f3rej dane dotycz\u0105, administrator, podmiot przetwarzaj\u0105cy czy osoby, kt\u00f3re &#8211; z upowa\u017cnienia administratora lub podmiotu przetwarzaj\u0105cego \u2013 mog\u0105 przetwarza\u0107 dane osobowe.<\/li>\n<li><strong>k) Zgoda.<\/strong><br \/>\nZgoda osoby, kt\u00f3rej dane dotycz\u0105 oznacza ka\u017cde dobrowolne, konkretne, \u015bwiadome i jednoznaczne okazanie woli, kt\u00f3rym osoba, kt\u00f3rej dane dotycz\u0105, w formie o\u015bwiadczenia lub wyra\u017anego dzia\u0142ania potwierdzaj\u0105cego, przyzwala na przetwarzanie dotycz\u0105cych jej danych osobowych.<\/li>\n<\/ul>\n<p><strong>2. Nazwa i adres administratora.<\/strong><br \/>\nAdministratorem w rozumieniu og\u00f3lnego rozporz\u0105dzenia o ochronie danych, pozosta\u0142ych przepis\u00f3w ustaw o ochronie danych obowi\u0105zuj\u0105cych w pa\u0144stwach cz\u0142onkowskich Unii Europejskiej oraz innych przepis\u00f3w odnosz\u0105cych si\u0119 do ochrony danych jest:<\/p>\n<p>personal-connection GmbH<br \/>\nGebhardtstra\u00dfe 2, 90762 F\u00fcrth<br \/>\nDeutschland<\/p>\n<p>Tel.: +49 (0)911 \/ 47 89 15 80<br \/>\nE-Mail: info@personal-connection.eu<br \/>\nStrona internetowa: www.personal-connection.eu<br \/>\n<strong><br \/>\n3. Zbieranie danych i informacji o charakterze og\u00f3lnym.<\/strong><br \/>\nStrona internetowa personal-connection GmbH utrwala z ka\u017cdym wywo\u0142aniem strony internetowej przez osob\u0119, kt\u00f3rej dane dotycz\u0105, lub przez system automatyczny szereg danych oraz informacji og\u00f3lnych. Wskazane dane i informacje og\u00f3lne s\u0105 przechowywane w rejestrze zdarze\u0144 (po ang. \u201elog files\u201d) w serwerze. Utrwalone mog\u0105 zosta\u0107: (1) u\u017cywane typy i wersje przegl\u0105darek (2) system operacyjny u\u017cywany przez system dost\u0119pu (3) strona internetowa, z kt\u00f3rej system dost\u0119pu odsy\u0142a na nasz\u0105 stron\u0119 internetow\u0105 (tak zwane hiper\u0142\u0105cze, po ang. \u201ereferrer\u201d), (4) podstrony internetowe, do kt\u00f3rych kieruje system dost\u0119pu na naszej stronie internetowej, (5) data oraz godzina wej\u015bcia na stron\u0119 internetow\u0105, (6) adres protoko\u0142u internetowego (adres IP), (7) dostawc\u0119 us\u0142ug internetowych systemu dost\u0119pu oraz (8) pozosta\u0142e podobne dane i informacje, kt\u00f3re s\u0142u\u017c\u0105 ochronie w przypadku atak\u00f3w na nasze systemy technologii informatycznej.<\/p>\n<p>Przy u\u017cywaniu tych og\u00f3lnych danych i informacji personal-connection GmbH nie wyci\u0105ga \u017cadnych wniosk\u00f3w na temat osoby, kt\u00f3rej dane dotycz\u0105. Informacje te s\u0105 raczej potrzebne w celu: (1) poprawnego dostarczania tre\u015bci naszej strony internetowej, (2) zoptymalizowania tre\u015bci naszej strony internetowej oraz jej reklamy, (3) zapewnienia trwa\u0142ej funkcjonalno\u015bci naszym systemom technologii informatycznej oraz jako\u015bci technicznej naszej stronie internetowej, (4) udost\u0119pnienia koniecznych informacji potrzebnych do \u015bcigania karnego organom \u015bcigania w przypadku ataku cybernetycznego. Niniejsze dane i informacje, zebrane w spos\u00f3b anonimowy, poddawane s\u0105 zatem przez personal-connection GmbH analizie statystycznej, ponadto dzia\u0142ania te maj\u0105 na celu zwi\u0119kszy\u0107 ochron\u0119 i bezpiecze\u0144stwo danych w naszej firmie, aby zagwarantowa\u0107 optymalny poziom ochrony przetwarzanych przez nas danych osobowych. Anonimowe dane z rejestru zdarze\u0144 serwera (po ang. \u201eserver log files\u201d) s\u0105 przechowywane oddzielnie od wszystkich danych osobowych podanych przez osob\u0119, kt\u00f3rej dane dotycz\u0105.<br \/>\n<strong><br \/>\n4. Mo\u017cliwo\u015b\u0107 nawi\u0105zania kontaktu przez stron\u0119 internetow\u0105.<\/strong><br \/>\nNa podstawie przepis\u00f3w prawa strona internetowa personal-connection GmbH zawiera informacje umo\u017cliwiaj\u0105ce szybki elektroniczny kontakt z naszym przedsi\u0119biorstwem, jak r\u00f3wnie\u017c bezpo\u015bredni\u0105 komunikacj\u0119 z nami, co obejmuje r\u00f3wnie\u017c og\u00f3lny adres tak zwanej poczty elektronicznej (adres e-mail). Nawi\u0105zanie kontaktu z administratorem za pomoc\u0105 wiadomo\u015bci e-mail albo za pomoc\u0105 formularza kontaktowego powoduje, \u017ce dane osobowe przekazane przez osob\u0119, kt\u00f3rej dane dotycz\u0105, s\u0105 automatycznie przechowywane. Dane osobowe, przekazane dobrowolnie administratorowi, s\u0105 przechowywane do cel\u00f3w ich opracowywania albo w celu nawi\u0105zania kontaktu z osob\u0105, kt\u00f3rej dane dotycz\u0105. Wskazane wy\u017cej dane osobowe nie s\u0105 przekazywane osobom trzecim.<br \/>\n<strong><br \/>\n5. Rutynowe usuwanie oraz blokowanie danych osobowych.<\/strong><br \/>\nAdministrator przetwarza i przechowuje dane osobowe osoby, kt\u00f3rej dane dotycz\u0105, tylko przez okres czasu niezb\u0119dny do osi\u0105gni\u0119cia celu zwi\u0105zanego z przechowywaniem albo je\u015bli jest to przewidziane przez ustawodawc\u0119 Unii Europejskiej albo przez innego ustawodawc\u0119 w obowi\u0105zuj\u0105cych przepisach prawa, kt\u00f3rym podlega administrator danych.<\/p>\n<p>Odpadnie cel przechowywania danych lub up\u0142ynie przewidziany przez ustawodawc\u0119 Unii Europejskiej lub innego w\u0142a\u015bciwego ustawodawc\u0119 termin przechowywania, dane osobowe s\u0105 rutynowo i zgodnie z przepisami prawa blokowane albo usuwane.<\/p>\n<p><strong>6. Prawa os\u00f3b, kt\u00f3rych dane dotycz\u0105.<\/strong><\/p>\n<ul style=\"list-style: none;\">\n<li><strong>a) Prawo do uzyskania potwierdzenia.<\/strong><br \/>\nKa\u017cdej osobie, kt\u00f3rej dane dotycz\u0105, przys\u0142uguje, przyznane jej przez ustawodawc\u0119 Unii Europejskiej, prawo do uzyskania od administratora potwierdzenia, czy przetwarza si\u0119 dane osobowe jej dotycz\u0105ce. W przypadku ch\u0119ci skorzystania z przys\u0142uguj\u0105cego prawa do uzyskania potwierdzenia, osoba, kt\u00f3rej dane dotycz\u0105, mo\u017ce w tej sprawie zwr\u00f3ci\u0107 si\u0119 w dowolnym momencie do wsp\u00f3\u0142pracownika administratora.<\/li>\n<li><strong>b) Prawo do informacji.<\/strong><br \/>\nKa\u017cda osoba, kt\u00f3rej dane osobowe s\u0105 przetwarzane, ma przyznane jej przez ustawodawc\u0119 Unii Europejskiej prawo do bezp\u0142atnego uzyskania od administratora informacji o przetwarzanych danych osobowych jej dotycz\u0105cych oraz ma prawo otrzyma\u0107 kopi\u0119 tej informacji. W dodatku osoba taka jest uprawniona przez ustawodawc\u0119 Unii Europejskiej do uzyskania nast\u0119puj\u0105cych informacji:<\/p>\n<ul style=\"list-style: none;\">\n<li>cele przetwarzania;<\/li>\n<li>kategorie danych osobowych, kt\u00f3re s\u0105 przetwarzane;<\/li>\n<li>informacje o odbiorcach lub kategoriach odbiorc\u00f3w, kt\u00f3rym dane osobowe zosta\u0142y lub zostan\u0105 ujawnione, w szczeg\u00f3lno\u015bci o odbiorcach w pa\u0144stwach trzecich lub organizacjach mi\u0119dzynarodowych;<\/li>\n<li>w miar\u0119 mo\u017cliwo\u015bci planowany okres przechowywania danych osobowych, a gdy nie jest to mo\u017cliwe, kryteria ustalania tego okresu;<\/li>\n<li>informacje o prawie do \u017c\u0105dania od administratora sprostowania, usuni\u0119cia lub ograniczenia przetwarzania danych osobowych dotycz\u0105cego osoby, kt\u00f3rej dane dotycz\u0105, oraz do wniesienia sprzeciwu wobec takiego przetwarzania;<\/li>\n<li>informacje o prawie wniesienia skargi do organu nadzorczego;<\/li>\n<li>je\u017celi dane osobowe nie zosta\u0142y zebrane od osoby, kt\u00f3rej dane dotycz\u0105: wszelkie dost\u0119pne informacje o ich \u017ar\u00f3dle;<\/li>\n<li>informacje o zautomatyzowanym podejmowaniu decyzji, w tym o profilowaniu, o kt\u00f3rym mowa w art. 22 ust. 1 i 4 RODO oraz \u2013 przynajmniej w tych przypadkach \u2013 istotne informacje o zasadach ich podejmowania, a tak\u017ce o znaczeniu i przewidywanych konsekwencjach takiego przetwarzania dla osoby, kt\u00f3rej dane dotycz\u0105;<\/li>\n<\/ul>\n<p>dodatkowo osobie, kt\u00f3rej dane dotycz\u0105, przys\u0142uguje prawo informacji o tym, czy dane osobowe zosta\u0142y przekazane do pa\u0144stwa trzeciego lub do organizacji mi\u0119dzynarodowej. Je\u015bli taka sytuacja zajdzie to osoba, kt\u00f3rej dane dotycz\u0105, ma prawo otrzyma\u0107 informacj\u0119 o odpowiednich zabezpieczeniach zwi\u0105zanych z przekazaniem;<\/p>\n<p>je\u015bli osoba, kt\u00f3rej dane dotycz\u0105, chcia\u0142aby skorzysta\u0107 z przys\u0142uguj\u0105cego jej prawa do uzyskania informacji, mo\u017ce w ka\u017cdym dowolnym momencie zwr\u00f3ci\u0107 si\u0119 w tej sprawie do wsp\u00f3\u0142pracownika administratora;<\/li>\n<li><strong>c) Prawo do sprostowania danych.<\/strong><br \/>\nKa\u017cda osoba, kt\u00f3rej dane osobowe s\u0105 przetwarzane, ma przyznane jej przez ustawodawc\u0119 Unii Europejskiej prawo \u017c\u0105dania od administratora niezw\u0142ocznego sprostowania dotycz\u0105cych jej nieprawid\u0142owych danych osobowych. Dodatkowo osobie, kt\u00f3rej dane dotycz\u0105, przys\u0142uguje prawo \u017c\u0105dania, z uwzgl\u0119dnieniem cel\u00f3w przetwarzania, uzupe\u0142nienia niekompletnych danych osobowych \u2013 w tym poprzez przedstawienie dodatkowego o\u015bwiadczenia.Je\u015bli osoba, kt\u00f3rej dane dotycz\u0105, chcia\u0142aby skorzysta\u0107 z przys\u0142uguj\u0105cego jej prawa \u017c\u0105dania do sprostowania danych, mo\u017ce w ka\u017cdym dowolnym momencie zwr\u00f3ci\u0107 si\u0119 w tej sprawie do wsp\u00f3\u0142pracownika administratora.<\/li>\n<li><strong>d) Prawo do usuni\u0119cia danych (\u201eprawo do bycia zapomnianym\u201d).<\/strong><br \/>\nKa\u017cda osoba, kt\u00f3re dane osobowe s\u0105 przetwarzane, ma przyznane jej przez ustawodawc\u0119 Unii Europejskiej prawo \u017c\u0105dania niezw\u0142ocznego usuni\u0119cia dotycz\u0105cych jej danych osobowych, je\u017celi zachodzi jedna z nast\u0119puj\u0105cych okoliczno\u015bci, a przetwarzanie tych danych nie jest wymagane:<\/p>\n<ul style=\"list-style: none;\">\n<li>dane osobowe zosta\u0142y zebrane w takich celach lub w inny spos\u00f3b przetwarzane, dla kt\u00f3rych nie s\u0105 ju\u017c niezb\u0119dne;<\/li>\n<li>osoba, kt\u00f3rej dane dotycz\u0105, cofn\u0119\u0142a zgod\u0119, na kt\u00f3rej opiera si\u0119 przetwarzanie zgodnie z art. 6 ust. 1 lit. a) RODO lub art. 9 ust. 2 lit. a) RODO, i nie ma innej podstawy prawnej przetwarzania;<\/li>\n<li>osoba, kt\u00f3rej dane dotycz\u0105, wnosi sprzeciw na mocy art. 21 ust. 1 RODO wobec przetwarzania i nie wyst\u0119puj\u0105 nadrz\u0119dne prawnie uzasadnione podstawy przetwarzania lub osoba, kt\u00f3rej dane dotycz\u0105, wnosi sprzeciw na mocy art. 21 ust. 2 RODO wobec przetwarzania;<\/li>\n<li>dane osobowe by\u0142y przetwarzane niezgodnie z prawem;<\/li>\n<li>dane osobowe musz\u0105 zosta\u0107 usuni\u0119te w celu wywi\u0105zania si\u0119 z obowi\u0105zku prawnego przewidzianego w prawie Unii lub prawie pa\u0144stwa cz\u0142onkowskiego, kt\u00f3remu podlega administrator;<\/li>\n<li>dane osobowe zosta\u0142y zebrane w zwi\u0105zku z oferowaniem us\u0142ug spo\u0142ecze\u0144stwa informacyjnego, o kt\u00f3rych mowa w art. 8 ust. 1. RODO;<\/li>\n<\/ul>\n<p>Je\u015bli zachodzi jedna z powy\u017cszych okoliczno\u015bci, a dana osoba chcia\u0142aby \u017c\u0105da\u0107 usuni\u0119cia danych osobowych, kt\u00f3re s\u0105 zapisane w personal-connection GmbH, mo\u017ce w tej sprawie zwr\u00f3ci\u0107 si\u0119 w ka\u017cdym czasie do wsp\u00f3\u0142pracownika administratora. Wsp\u00f3\u0142pracownik personal-connection GmbH zarz\u0105dzi, \u017ce \u017c\u0105danie usuni\u0119cia danych osobowych zostanie wykonane niezw\u0142ocznie.<\/p>\n<p>Je\u015bli dane osobowe zosta\u0142y przez personal-connection GmbH upublicznione, a nasze przedsi\u0119biorstwo jako administrator ma obowi\u0105zek usun\u0105\u0107 te dane osobowe zgodnie z art. 17 ust. 1 RODO, to w takiej sytuacji nasz personal-connection GmbH, przy uwzgl\u0119dnieniu dost\u0119pnej technologii i koszt\u00f3w realizacji, podejmuje rozs\u0105dne dzia\u0142ania, w tym \u015brodki techniczne, \u017ceby poinformowa\u0107 innych administrator\u00f3w przetwarzaj\u0105cych te dane osobowe o tym, \u017ce osoba, kt\u00f3rej dane dotycz\u0105, za\u017c\u0105da\u0142a usuni\u0119cia przez nich wszelkich link\u00f3w do tych danych, kopie tych danych osobowych lub ich replikacje, o ile nie zachodzi obowi\u0105zek ich przetwarzania. Wsp\u00f3\u0142pracownik personal-connection GmbH zleci podj\u0119cie niezb\u0119dnych dzia\u0142a\u0144 w danym przypadku.<\/li>\n<li><strong>e) Prawo do ograniczenia przetwarzania.<\/strong><br \/>\nKa\u017cda osoba, kt\u00f3rej dane osobowe s\u0105 przetwarzane, ma przyznane jej przez ustawodawc\u0119 Unii Europejskiej prawo \u017c\u0105dania ograniczenia przetwarzania w nast\u0119puj\u0105cych przypadkach:<\/p>\n<ul style=\"list-style: none;\">\n<li>kwestionuje si\u0119 prawid\u0142owo\u015b\u0107 danych osobowych przez osob\u0119, kt\u00f3rej dane dotycz\u0105 &#8211; na okres pozwalaj\u0105cy administratorowi sprawdzi\u0107 prawid\u0142owo\u015b\u0107 tych danych;<\/li>\n<li>przetwarzanie jest niezgodne z prawem, a osoba, kt\u00f3rej dane dotycz\u0105, sprzeciwia si\u0119 usuni\u0119ciu danych osobowych, \u017c\u0105daj\u0105c w zamian ograniczenia ich wykorzystywania;<\/li>\n<li>administrator nie potrzebuje ju\u017c danych osobowych do cel\u00f3w przetwarzania, ale s\u0105 one potrzebne osobie, kt\u00f3rej dane dotycz\u0105, do ustalenia, dochodzenia lub obrony roszcze\u0144;<\/li>\n<li>osoba, kt\u00f3rej dane dotycz\u0105, wnios\u0142a sprzeciw na mocy art. 21 ust. 1 RODO wobec przetwarzania i nie stwierdzono jeszcze, czy prawnie uzasadnione podstawy po stronie administratora s\u0105 nadrz\u0119dne wobec podstaw sprzeciwu osoby, kt\u00f3rej dane dotycz\u0105;<\/li>\n<\/ul>\n<p>Je\u015bli jedna z wy\u017cej wymienionych przes\u0142anek zachodzi i osoba, kt\u00f3rej dane dotycz\u0105, chcia\u0142aby \u017c\u0105da\u0107 ograniczenia przetwarzania danych osobowych, kt\u00f3re s\u0105 zapisane w personal-connection GmbH, mo\u017ce w tej sprawie zwr\u00f3ci\u0107 si\u0119 w ka\u017cdym czasie do wsp\u00f3\u0142pracownika administratora. Wsp\u00f3\u0142pracownik personal-connection GmbH zarz\u0105dzi ograniczenie przetwarzania danych.<\/li>\n<li><strong>f) Prawo do przenoszenia danych.<\/strong><br \/>\nKa\u017cda osoba, kt\u00f3rej dane osobowe s\u0105 przetwarzane, ma przyznane jej przez ustawodawc\u0119 Unii Europejskiej prawo otrzyma\u0107 w ustrukturyzowanym, powszechnie u\u017cywanym formacie nadaj\u0105cym si\u0119 do odczytu maszynowego dane osobowe jej dotycz\u0105ce, kt\u00f3re zosta\u0142y przez ni\u0105 dostarczone administratorowi. Poza tym ma ona prawo przes\u0142a\u0107 te dane osobowe innemu administratorowi bez przeszk\u00f3d ze strony administratora, kt\u00f3remu dostarczono te dane osobowe, je\u017celi przetwarzanie odbywa si\u0119 na podstawie zgody w my\u015bl art. 6 ust. 1 lit. a) RODO lub art. 9 ust. 2 lit. a) RODO lub na podstawie umowy w my\u015bl art. 6 ust. 1 lit. b) RODO oraz przetwarzanie odbywa si\u0119 w spos\u00f3b zautomatyzowany, pod warunkiem, \u017ce przetwarzanie nie jest konieczne do wykonania zadania realizowanego w interesie publicznym lub w ramach sprawowania w\u0142adzy publicznej powierzonej administratorowi.Wykonuj\u0105c prawo do przenoszenia danych zgodnie z art. 20 ust. 1 RODO osoba, kt\u00f3rej dane dotycz\u0105, ma r\u00f3wnie\u017c prawo \u017c\u0105dania, by dane osobowe zosta\u0142y przes\u0142ane przez administratora bezpo\u015brednio innemu administratorowi, o ile jest to technicznie mo\u017cliwe i tak dalece, jak nie narusza to praw i wolno\u015bci os\u00f3b trzecich.W celu skorzystania z prawa do przenoszenia danych, osoba, kt\u00f3rej dane dotycz\u0105, mo\u017ce w ka\u017cdym czasie zwr\u00f3ci\u0107 si\u0119 do wsp\u00f3\u0142pracownika personal-connection GmbH.<\/li>\n<li><strong>g) Prawo do sprzeciwu.<\/strong><br \/>\nKa\u017cda osoba, kt\u00f3rej dane osobowe s\u0105 przetwarzane ma przyznane jej przez ustawodawc\u0119 Unii Europejskiej prawo w dowolnym momencie wnie\u015b\u0107 sprzeciw &#8211; z przyczyn zwi\u0105zanych z jej szczeg\u00f3ln\u0105 sytuacj\u0105 \u2013 wobec przetwarzania dotycz\u0105cych jej danych osobowych na podstawie art. 6 ust. 1 lit. e) lub f) RODO. Dotyczy to r\u00f3wnie\u017c profilowania na podstawie tych przepis\u00f3w.W przypadku wniesienia sprzeciwu personal-connection GmbH nie b\u0119dzie wi\u0119cej przetwarza\u0107 tych danych osobowych, chyba \u017ce mo\u017ce wykaza\u0107 istnienie wa\u017cnych prawnie uzasadnionych podstaw do przetwarzania, nadrz\u0119dnych wobec interes\u00f3w, praw i wolno\u015bci osoby, kt\u00f3rej dane dotycz\u0105, lub przetwarzanie s\u0142u\u017cy do ustalenia, dochodzenia lub obrony roszcze\u0144.Je\u017celi personal-connection GmbH przetwarza dane osobowe na potrzeby marketingu bezpo\u015bredniego, osoba, kt\u00f3rej dane dotycz\u0105, ma prawo w dowolnym momencie wnie\u015b\u0107 sprzeciw wobec przetwarzania dotycz\u0105cych jej danych osobowych na potrzeby takiego marketingu, w tym profilowania, w zakresie, w jakim przetwarzanie jest zwi\u0105zane z takim marketingiem bezpo\u015brednim. Je\u017celi osoba, kt\u00f3rej dane dotycz\u0105, sprzeciwia si\u0119 przetwarzaniu danych do cel\u00f3w marketingu bezpo\u015bredniego przez personal-connection GmbH, to w takiej sytuacji personal-connection GmbH nie b\u0119dzie ju\u017c przetwarza\u0107 danych osobowych do tych cel\u00f3w.W przypadku przetwarzania danych osobowych przez personal-connection GmbH do cel\u00f3w bada\u0144 naukowych lub historycznych lub do cel\u00f3w statystycznych na mocy art. 89 ust. 1 RODO, osoba, kt\u00f3rej dane dotycz\u0105, ma prawo wnie\u015b\u0107 sprzeciw \u2013 z przyczyn zwi\u0105zanych z jej szczeg\u00f3ln\u0105 sytuacj\u0105 \u2013 wobec przetwarzania dotycz\u0105cych jej danych osobowych, chyba \u017ce przetwarzanie jest niezb\u0119dne do wykonania zadania realizowanego w interesie publicznym.W celu realizacji prawa do wniesienia sprzeciwu osoba, kt\u00f3rej dane dotycz\u0105, mo\u017ce zwr\u00f3ci\u0107 si\u0119 bezpo\u015brednio do wsp\u00f3\u0142pracownika personal-connection GmbH lub do innego wsp\u00f3\u0142pracownika. Dodatkowo osobie, kt\u00f3rej dane dotycz\u0105, przys\u0142uguje mo\u017cliwo\u015b\u0107 wniesienia sprzeciwu za po\u015brednictwem zautomatyzowanych \u015brodk\u00f3w wykorzystuj\u0105cych specyfikacje techniczne w zwi\u0105zku z korzystaniem z us\u0142ug spo\u0142ecze\u0144stwa informacyjnego i bez uszczerbku dla dyrektywy 2002\/58\/WE.<\/li>\n<li><strong>h) Zautomatyzowane podejmowanie decyzji w indywidualnych przypadkach, w tym profilowanie.<\/strong><br \/>\nKa\u017cda osoba, kt\u00f3rej dane osobowe s\u0105 przetwarzane, ma przyznane jej przez ustawodawc\u0119 Unii Europejskiej prawo do tego, by nie podlega\u0107 decyzji, kt\u00f3ra opiera si\u0119 wy\u0142\u0105cznie na zautomatyzowanym przetwarzaniu \u2013 w tym profilowaniu \u2013 i kt\u00f3ra wywo\u0142uje wobec tej osoby skutki prawne lub w podobny spos\u00f3b na ni\u0105 wp\u0142ywa, chyba \u017ce decyzja ta (1) jest niezb\u0119dna do zawarcia lub wykonania umowy mi\u0119dzy osob\u0105, kt\u00f3rej dane dotycz\u0105, a administratorem, lub (2) jest dozwolona prawem Unii lub prawem pa\u0144stwa cz\u0142onkowskiego, kt\u00f3remu podlega administrator i kt\u00f3re przewiduje w\u0142a\u015bciwe \u015brodki ochrony praw, wolno\u015bci i prawnie uzasadnionych interes\u00f3w osoby, kt\u00f3rej dane dotycz\u0105 lub (3) opiera si\u0119 na wyra\u017anej zgodzie osoby, kt\u00f3rej dane dotycz\u0105.W przypadku, gdy (1) decyzja jest niezb\u0119dna do zawarcia lub wykonania umowy mi\u0119dzy osob\u0105, kt\u00f3rej dane dotycz\u0105, a administratorem lub (2) opiera si\u0119 na wyra\u017anej zgodzie osoby, kt\u00f3rej dane dotycz\u0105, personal-connection GmbH wdra\u017ca w\u0142a\u015bciwe \u015brodki ochrony praw, wolno\u015bci i prawnie uzasadnionych interes\u00f3w osoby, kt\u00f3rej dane dotycz\u0105, a co najmniej prawa do uzyskania interwencji ludzkiej ze strony administratora, do wyra\u017cenia w\u0142asnego stanowiska i do zakwestionowania tej decyzji.W przypadku, gdy osoba, kt\u00f3rej prawa dotycz\u0105, chcia\u0142aby dochodzi\u0107 praw w odniesieniu do decyzji wydanych w oparciu o zautomatyzowane przetwarzanie, mo\u017ce si\u0119 ona w tej sprawie zwr\u00f3ci\u0107 w ka\u017cdym czasie do wsp\u00f3\u0142pracownika administratora.<\/li>\n<li><strong>h) Prawo do wycofania zgody na przetwarzanie danych osobowych.<\/strong><br \/>\nKa\u017cda osoba, kt\u00f3rej dane osobowe s\u0105 przetwarzane, ma przyznane jej przez ustawodawc\u0119 Unii Europejskiej prawo do wycofania zgody w dowolnym momencie.Je\u015bli osoba, kt\u00f3rej dane dotycz\u0105, chcia\u0142aby skorzysta\u0107 z prawa do wycofania zgody, mo\u017ce si\u0119 ona w ka\u017cdej chwili w tej sprawie zwr\u00f3ci\u0107 do wsp\u00f3\u0142pracownika administratora.<\/li>\n<\/ul>\n<p><strong>7. Ochrona danych, a dokumenty aplikacyjne i proces rekrutacji.<\/strong><br \/>\nAdministrator zbiera i przetwarza dane osobowe kandydat\u00f3w w celu realizacji procesu rekrutacji. Przetwarzanie danych mo\u017ce si\u0119 r\u00f3wnie\u017c odbywa\u0107 drog\u0105 elektroniczn\u0105. Taka sytuacja ma miejsce w szczeg\u00f3lno\u015bci, gdy kandydat przesy\u0142a do administratora w\u0142a\u015bciwe dokumenty drog\u0105 elektroniczn\u0105, na przyk\u0142ad przez wiadomo\u015b\u0107 e-mail lub za pomoc\u0105 formularza kontaktowego umieszczonego na stronie internetowej. W przypadku zawarcia umowy o prac\u0119 przez administratora z kandydatem, przekazane dane s\u0105 przechowywane w celu realizacji stosunku zatrudnienia z uwzgl\u0119dnieniem przepis\u00f3w prawa. W przypadku nie zawarcia umowy o prac\u0119 przez administratora z kandydatem, dokumenty aplikacyjne zostan\u0105 automatycznie usuni\u0119te dwa miesi\u0105ce po otrzymaniu indywidualnej decyzji o odmowie zatrudnienia, o ile usuni\u0119ciu nie sprzeciwiaj\u0105 si\u0119 \u017cadne inne uzasadnione interesy administratora. Pod poj\u0119ciem \u201einnych uzasadnionych interes\u00f3w\u201d w powy\u017cszym znaczeniu nale\u017cy rozumie\u0107 np. obowi\u0105zek dowodowy w post\u0119powaniu okre\u015blonym wed\u0142ug przepis\u00f3w ustawy o r\u00f3wnym traktowaniu (po niem. \u201eAllgemeine Gleichbehandlungsgesetz\u201d, w skr\u00f3cie \u201eAGG\u201d).<br \/>\n<strong><br \/>\n8. Postanowienia dotycz\u0105ce ochrony danych w zakresie zastosowania oraz korzystania z Google Analytics (z funkcj\u0105 anonimizacji).<\/strong><br \/>\nNa niniejszej stronie internetowej administrator zintegrowa\u0142 komponent Google Analytics (z funkcj\u0105 anonimizacji). Google Analytics to us\u0142uga analityki internetowej. Analityka internetowa to zbieranie, przetwarzanie i analiza danych dotycz\u0105cych zachowania os\u00f3b odwiedzaj\u0105cych strony internetowe. Us\u0142uga analityki internetowej zbiera mi\u0119dzy innymi dane o tym, z kt\u00f3rej strony internetowej osoba, kt\u00f3rej dane dotycz\u0105, dosta\u0142a si\u0119 na inn\u0105 stron\u0119 internetow\u0105 (tzw. po ang. \u201ereferrer\u201d), do kt\u00f3rych podstron danej witryny internetowej uzyskano dost\u0119p lub jak cz\u0119sto i przez jaki okres czasu by\u0142a wy\u015bwietlana dana podstrona. Analityka internetowa jest u\u017cywana g\u0142\u00f3wnie do optymalizacji strony internetowej oraz do analizy koszt\u00f3w i korzy\u015bci reklamy internetowej.<\/p>\n<p>Operatorem komponentu Google-Analytics jest Google Inc., 1600 Amphitheatre Pkwy, Mountain View, CA 94043-1351, Stany Zjednoczone Ameryki.<\/p>\n<p>Administrator wykorzystuje dla analityki internetowej za pomoc\u0105 Google Analytics rozszerzenie &#8222;_gat._anonymizeIp&#8221;. Przy pomocy niniejszego rozszerzenia adres IP \u0142\u0105cza internetowego osoby, kt\u00f3rej dane dotycz\u0105, jest skracany oraz anonimizowany, je\u015bli dost\u0119p do naszej strony internetowej pochodzi z pa\u0144stwa cz\u0142onkowskiego Unii Europejskiej albo z innego pa\u0144stwa b\u0119d\u0105cego stron\u0105 Porozumienia o Europejskim Obszarze Gospodarczym.<\/p>\n<p>Komponent Google-Analytics jest u\u017cywany w celu analizy ruchu u\u017cytkownik\u00f3w na naszej stronie internetowej. Google wykorzystuje uzyskane dane i informacje mi\u0119dzy innymi w celu dokonania oceny korzystania ze strony internetowej, w celu zestawienia raport\u00f3w online, kt\u00f3re pokazuj\u0105 dzia\u0142ania podejmowane na naszych stronach internetowych, a tak\u017ce w celu \u015bwiadczenia dalszych us\u0142ug zwi\u0105zanych z korzystaniem z naszej strony internetowej.<\/p>\n<p>Google Analytics umieszcza plik cookie w systemie technologii informatycznej osoby, kt\u00f3rej dane dotycz\u0105. Kwestia, czym s\u0105 pliki cookies, zosta\u0142a ju\u017c wyja\u015bniona powy\u017cej. Poprzez zapisany plik cookie Google mo\u017ce analizowa\u0107 spos\u00f3b korzystania z naszej strony internetowej. Przy ka\u017cdym wywo\u0142aniu jednej z poszczeg\u00f3lnych stron niniejszej witryny internetowej, obs\u0142ugiwanej przez administratora, na kt\u00f3rej zosta\u0142 zintegrowany komponent Google -Analytics, przegl\u0105darka internetowa w systemie technologii informatycznej osoby, kt\u00f3rej dane dotycz\u0105, automatycznie przesy\u0142a dane do Google przez odpowiedni komponent Google-Analytics do cel\u00f3w analizy online. W ramach tej technicznej procedury Google otrzymuje informacje o danych osobowych, takich jak adres IP osoby, kt\u00f3rej dane dotycz\u0105, kt\u00f3ry s\u0142u\u017cy Google mi\u0119dzy innymi do ustalenia, sk\u0105d pochodz\u0105 u\u017cytkownicy oraz ich klikni\u0119cia, co pozwala na rozliczenie nale\u017cnej prowizji.<\/p>\n<p>Za pomoc\u0105 pliku cookie zostan\u0105 zapisane informacje osobowe, na przyk\u0142ad czas dost\u0119pu, miejsce, z kt\u00f3rego uzyskano dost\u0119p, cz\u0119stotliwo\u015b\u0107 wizyt odbytych na naszej stronie internetowej przez osob\u0119, kt\u00f3rej dane dotycz\u0105. Podczas ka\u017cdej wizyty na naszej stronie internetowej wy\u017cej wskazane dane osobowe, w\u0142\u0105cznie adres IP \u0142\u0105cza internetowego u\u017cywanego przez osob\u0119, kt\u00f3rej dane dotycz\u0105, s\u0105 przekazywane do Google w Stanach Zjednoczonych Ameryki. Powy\u017csze dane osobowe s\u0105 przechowywane przez Google w Stanach Zjednoczonych Ameryki. Google mo\u017ce przekaza\u0107 dane, zebrane w trakcie tej procedury technicznej, osobom trzecim pod pewnymi warunkami.<\/p>\n<p>Osoba, kt\u00f3rej dane dotycz\u0105, mo\u017ce zapobiec umieszczaniu plik\u00f3w cookies za po\u015brednictwem naszej strony internetowej, jak ju\u017c opisano powy\u017cej, w ka\u017cdym czasie za pomoc\u0105 odpowiedniego ustawienia u\u017cywanej przegl\u0105darki internetowej i zwi\u0105zku z tym mo\u017ce na sta\u0142e sprzeciwi\u0107 si\u0119 zapisywaniu plik\u00f3w cookies. Takie ustawienie u\u017cywanej przegl\u0105darki internetowej przeszkodzi\u0142oby r\u00f3wnie\u017c Google umie\u015bci\u0107 plik cookie w systemie technologii informatycznej osoby, kt\u00f3rej dane dotycz\u0105. Ponadto zapisany ju\u017c przez Google Analytics plik cookie mo\u017ce zosta\u0107 usuni\u0119ty w dowolnym momencie przy pomocy przegl\u0105darki internetowej lub innych oprogramowa\u0144.<\/p>\n<p>W dodatku osoba, kt\u00f3rej dane dotycz\u0105, mo\u017ce sprzeciwi\u0107 si\u0119 utrwalaniu danych pozyskanych przez Google Analytics przy korzystaniu z tej\u017ce strony internetowej, jak r\u00f3wnie\u017c przetwarzaniu tych danych przez Google, a tak\u017ce mo\u017ce temu zapobiec. W tym celu osoba, kt\u00f3rej dane dotycz\u0105, musi pobra\u0107 i zainstalowa\u0107 dodatek do przegl\u0105darki (po ang. \u201ebrowser add-on\u201d) znajduj\u0105cy si\u0119 pod linkiem https:\/\/tools.google.com\/dlpage\/gaoptout. Ten dodatek do przegl\u0105darki informuje Google Analytics poprzez JavaScript, \u017ce nie mog\u0105 by\u0107 przesy\u0142ane do Google Analytics \u017cadne dane oraz informacje odno\u015bnie wizyt na stronach internetowych. Instalacja dodatku do przegl\u0105darki (po ang. \u201ebrowser add-on\u201d) traktowana jest przez Google jako wyra\u017cenie sprzeciwu. Je\u015bli system technologii informatycznej osoby, kt\u00f3rej dane dotycz\u0105, zostanie w p\u00f3\u017aniejszym czasie usuni\u0119ty, sformatowany lub na nowo zainstalowany, osoba, kt\u00f3rej dane dotycz\u0105, musi ponownie zainstalowa\u0107 dodatek do przegl\u0105darki (po ang. \u201ebrowser add-on\u201d), \u017ceby dezaktywowa\u0107 Google Analytics. Je\u015bli dodatek do przegl\u0105darki (po ang. \u201ebrowser add-on\u201d) zosta\u0142 odinstalowany lub dezaktywowany przez osob\u0119, kt\u00f3rej dane dotycz\u0105, lub przez inn\u0105 podleg\u0142\u0105 jej osob\u0119, mo\u017cna na nowo zainstalowa\u0107 lub ponownie aktywowa\u0107 dodatek do przegl\u0105darki (po ang. \u201ebrowse add-on\u201d).<\/p>\n<p>Dalsze informacje oraz obowi\u0105zuj\u0105ce postanowienia dotycz\u0105ce ochrony danych od Google mo\u017cna znale\u017a\u0107 na stronie https:\/\/www.google.de\/intl\/de\/policies\/privacy\/ i na stronie http:\/\/www.google.com\/analytics\/terms\/de.htmlGoogle Analytics jest obja\u015bniony bardziej szczeg\u00f3\u0142owo na stronie https:\/\/www.google.com\/intl\/de_de\/analytics\/.<br \/>\n<strong><br \/>\n9. Podstawa prawna przetwarzania.<\/strong><br \/>\nArt. 6 ust. 1 litera a RODO s\u0142u\u017cy naszemu przedsi\u0119biorstwu jako podstawa prawna dla operacji przetwarzania, przy kt\u00f3rych uzyskujemy zgod\u0119 na okre\u015blony cel przetwarzania. Je\u015bli przetwarzanie danych osobowych jest niezb\u0119dne do wykonania umowy, kt\u00f3rej stron\u0105 jest osoba, kt\u00f3rej dane dotycz\u0105, jak na przyk\u0142ad ma to miejsce w operacjach przetwarzania niezb\u0119dnych do dostarczania towar\u00f3w lub \u015bwiadczenia jakiejkolwiek innej us\u0142ugi lub do spe\u0142nienia \u015bwiadczenia wzajemnego, przetwarzanie opiera si\u0119 na art. 6 ust. 1 litera b RODO. To samo dotyczy takich operacji przetwarzania, kt\u00f3re s\u0105 niezb\u0119dne do podj\u0119cia dzia\u0142a\u0144 przed zawarciem umowy, jak w przypadku zapyta\u0144 dotycz\u0105cych produkt\u00f3w lub us\u0142ug. Je\u015bli nasze przedsi\u0119biorstwo podlega prawnemu obowi\u0105zkowi, kt\u00f3ry wymaga przetwarzania danych osobowych, jak na przyk\u0142ad w celu spe\u0142nienia obowi\u0105zk\u00f3w podatkowych, to podstawa prawna przetwarzania opiera si\u0119 na art. 6 ust. 1 litera c RODO. W rzadkich przypadkach przetwarzanie danych osobowych mo\u017ce by\u0107 niezb\u0119dne w celu ochrony \u017cywotnych interes\u00f3w osoby, kt\u00f3rej dane dotycz\u0105, lub innej osoby fizycznej. Przyk\u0142adowo ma to miejsce w sytuacji, gdy odwiedzaj\u0105cy nasz zak\u0142ad zosta\u0142by ranny, a nast\u0119pnie jego nazwisko, wiek, dane ubezpieczenia zdrowotnego lub inne istotne dla \u017cycia informacje musia\u0142yby zosta\u0107 przekazane lekarzowi, szpitalowi lub innej osobie trzeciej. W takiej sytuacji przetwarzanie danych opiera\u0142oby si\u0119 na podstawie art. 6 ust. 1 litera d RODO. Ostatecznie operacje przetwarzania mog\u0105 by\u0107 oparte na podstawie art. 6 ust. 1 liera f RODO. Na tej podstawie prawnej opieraj\u0105 si\u0119 operacje przetwarzania, kt\u00f3re nie s\u0105 obj\u0119te \u017cadn\u0105 z powy\u017cszych podstaw prawnych, je\u015bli przetwarzanie jest niezb\u0119dne do cel\u00f3w wynikaj\u0105cych z prawnie uzasadnionych interes\u00f3w realizowanych przez nasze przedsi\u0119biorstwo lub przez stron\u0119 trzeci\u0105, o ile interesy, podstawowe prawa i wolno\u015bci osoby, kt\u00f3rej dane dotycz\u0105, nie maj\u0105 charakteru nadrz\u0119dnego. Takie operacje przetwarzania s\u0105 szczeg\u00f3lnie dopuszczalne, poniewa\u017c zosta\u0142y wyra\u017anie wymienione przez prawodawc\u0119 Unii Europejskiej. Jego zdaniem prawnie uzasadniony interes mo\u017ce istnie\u0107, gdy osoba, kt\u00f3rej dane dotycz\u0105, jest klientem administratora (podstawa rozwa\u017ca\u0144 47 zdanie 2 RODO).<br \/>\n<strong><br \/>\n10. Prawnie uzasadnione interesy w przetwarzaniu, kt\u00f3re s\u0105 przestrzegane przez administratora lub osob\u0119 trzeci\u0105.<\/strong><br \/>\nJe\u015bli przetwarzanie danych osobowych opiera si\u0119 na art. 6 ust. 1 litera f RODO to naszym prawnie uzasadnionym interesem jest prowadzenie przez nas dzia\u0142alno\u015bci z korzy\u015bci\u0105 dla wszystkich naszych wsp\u00f3\u0142pracownik\u00f3w oraz dla naszych udzia\u0142owc\u00f3w.<br \/>\n<strong><br \/>\n11. Czas, przez kt\u00f3ry dane osobowe b\u0119d\u0105 przechowywane.<\/strong><br \/>\nKryterium dla okresu przechowywania danych osobowych jest odpowiedni ustawowy termin przechowywania. Po up\u0142ywie tego terminu odpowiednie dane s\u0105 rutynowo usuwane, o ile nie s\u0105 one konieczne do wykonania lub zawarcia umowy.<br \/>\n<strong><br \/>\n12. Przepisy prawne lub umowne dotycz\u0105ce podania danych osobowych; Konieczno\u015b\u0107 zawarcia umowy; Obowi\u0105zek osoby, kt\u00f3rej dane dotycz\u0105 do podania danych osobowych; Ewentualne konsekwencje nie podania danych.<\/strong><br \/>\nNiniejszym wskazujemy Pa\u0144stwu, i\u017c obowi\u0105zek podania danych osobowych jest w cz\u0119\u015bci przewidziany ustaw\u0105 (np. przepisy podatkowe) lub mo\u017ce wynika\u0107 z ustale\u0144 umownych (takich jak dane kontrahenta). Czasami mo\u017ce by\u0107 konieczne zawarcie umowy, a osoba, kt\u00f3rej dane dotycz\u0105, przekazuje nam w tym celu dane osobowe, kt\u00f3re w rezultacie musz\u0105 by\u0107 przez nas przetwarzane. Przyk\u0142adowo osoba, kt\u00f3rej dane dotycz\u0105, jest zobowi\u0105zana poda\u0107 nam dane osobowe, kiedy nasze przedsi\u0119biorstwo zawiera z ni\u0105 umow\u0119. Nie podanie danych osobowych skutkowa\u0142oby tym, \u017ce umowa z dan\u0105 osob\u0105 nie mog\u0142aby zosta\u0107 zawarta. Przed podaniem danych osobowych przez dan\u0105 osob\u0119, osoba ta musi si\u0119 zwr\u00f3ci\u0107 do naszego wsp\u00f3\u0142pracownika. W danym przypadku nasz wsp\u00f3\u0142pracownik wyja\u015bnia osobie, kt\u00f3rej dane dotycz\u0105, czy podanie przez ni\u0105 danych osobowych przewidziane jest ustaw\u0105 czy umow\u0105 lub czy podanie przez ni\u0105 danych jest konieczne w celu zawarcia umowy lub czy istnieje obowi\u0105zek podania danych osobowych, a tak\u017ce jakie s\u0105 ewentualne konsekwencje niepodania przez ni\u0105 danych osobowych.<br \/>\n<strong><br \/>\n13. Istnienie automatycznego podejmowania decyzji.<\/strong><br \/>\nJako \u015bwiadome swojej odpowiedzialno\u015bci przedsi\u0119biorstwo rezygnujemy z automatycznego podejmowania decyzji lub profilowania.[\/vc_column_text][\/vc_column_inner][\/vc_row_inner][\/vc_column][\/vc_row]<\/p>\n<\/div>","protected":false},"excerpt":{"rendered":"<p>[vc_row css=&#8221;.vc_custom_1499881382708{padding-top: 50px !important;padding-bottom: 50px !important;}&#8221;][vc_column][vc_raw_js]JTNDc2NyaXB0JTIwdHlwZSUzRCUyMnRleHQlMkZqYXZhc2NyaXB0JTIyJTNFJTBBdmFyJTIwZ2FQcm9wZXJ0eSUyMCUzRCUyMCUyN1VBLTExMzg4Mjc3MS0xJTI3JTNCJTBBdmFyJTIwZGlzYWJsZVN0ciUyMCUzRCUyMCUyN2dhLWRpc2FibGUtJTI3JTIwJTJCJTIwZ2FQcm9wZXJ0eSUzQiUwQWlmJTIwJTI4ZG9jdW1lbnQuY29va2llLmluZGV4T2YlMjhkaXNhYmxlU3RyJTIwJTJCJTIwJTI3JTNEdHJ1ZSUyNyUyOSUyMCUzRSUyMC0xJTI5JTIwJTdCJTBBd2luZG93JTVCZGlzYWJsZVN0ciU1RCUyMCUzRCUyMHRydWUlM0IlMEElN0QlMEFmdW5jdGlvbiUyMGdhT3B0b3V0JTI4JTI5JTIwJTdCJTBBZG9jdW1lbnQuY29va2llJTIwJTNEJTIwZGlzYWJsZVN0ciUyMCUyQiUyMCUyNyUzRHRydWUlM0IlMjBleHBpcmVzJTNEVGh1JTJDJTIwMzElMjBEZWMlMjAyMDk5JTIwMjMlM0E1OSUzQTU5JTIwVVRDJTNCJTBBcGF0aCUzRCUyRiUyNyUzQiUwQXdpbmRvdyU1QmRpc2FibGVTdHIlNUQlMjAlM0QlMjB0cnVlJTNCJTBBJTdEJTBBJTNDJTJGc2NyaXB0JTNF[\/vc_raw_js][vc_row_inner][vc_column_inner][vc_column_text css=&#8221;&#8221;] O\u015bwiadczenie o ochronie danych Cieszymy si\u0119 bardzo z zainteresowania nasz\u0105 firm\u0105. Ochrona danych osobowych ma istotne znaczenie przy prowadzeniu spraw od personal-connection GmbH. W zasadzie korzystanie ze stron internetowych personal-connection GmbH jest mo\u017cliwe bez konieczno\u015bci podawania jakichkolwiek danych osobowych. Je\u015bli jednak osoba, kt\u00f3rej dane dotycz\u0105, chcia\u0142aby korzysta\u0107 ze [&hellip;]<\/p>\n","protected":false},"author":2,"featured_media":0,"parent":0,"menu_order":0,"comment_status":"closed","ping_status":"open","template":"","meta":{"footnotes":""},"class_list":["post-141","page","type-page","status-publish","hentry"],"yoast_head":"<!-- This site is optimized with the Yoast SEO plugin v27.5 - https:\/\/yoast.com\/product\/yoast-seo-wordpress\/ -->\n<title>Datenschutz - personal-connection<\/title>\n<meta name=\"robots\" content=\"index, follow, max-snippet:-1, max-image-preview:large, max-video-preview:-1\" \/>\n<link rel=\"canonical\" href=\"https:\/\/www.personal-connection.eu\/datenschutz\/\" \/>\n<meta property=\"og:locale\" content=\"pl_PL\" \/>\n<meta property=\"og:type\" content=\"article\" \/>\n<meta property=\"og:title\" content=\"Datenschutz - personal-connection\" \/>\n<meta property=\"og:description\" content=\"[vc_row css=&#8221;.vc_custom_1499881382708{padding-top: 50px !important;padding-bottom: 50px !important;}&#8221;][vc_column][vc_raw_js]JTNDc2NyaXB0JTIwdHlwZSUzRCUyMnRleHQlMkZqYXZhc2NyaXB0JTIyJTNFJTBBdmFyJTIwZ2FQcm9wZXJ0eSUyMCUzRCUyMCUyN1VBLTExMzg4Mjc3MS0xJTI3JTNCJTBBdmFyJTIwZGlzYWJsZVN0ciUyMCUzRCUyMCUyN2dhLWRpc2FibGUtJTI3JTIwJTJCJTIwZ2FQcm9wZXJ0eSUzQiUwQWlmJTIwJTI4ZG9jdW1lbnQuY29va2llLmluZGV4T2YlMjhkaXNhYmxlU3RyJTIwJTJCJTIwJTI3JTNEdHJ1ZSUyNyUyOSUyMCUzRSUyMC0xJTI5JTIwJTdCJTBBd2luZG93JTVCZGlzYWJsZVN0ciU1RCUyMCUzRCUyMHRydWUlM0IlMEElN0QlMEFmdW5jdGlvbiUyMGdhT3B0b3V0JTI4JTI5JTIwJTdCJTBBZG9jdW1lbnQuY29va2llJTIwJTNEJTIwZGlzYWJsZVN0ciUyMCUyQiUyMCUyNyUzRHRydWUlM0IlMjBleHBpcmVzJTNEVGh1JTJDJTIwMzElMjBEZWMlMjAyMDk5JTIwMjMlM0E1OSUzQTU5JTIwVVRDJTNCJTBBcGF0aCUzRCUyRiUyNyUzQiUwQXdpbmRvdyU1QmRpc2FibGVTdHIlNUQlMjAlM0QlMjB0cnVlJTNCJTBBJTdEJTBBJTNDJTJGc2NyaXB0JTNF[\/vc_raw_js][vc_row_inner][vc_column_inner][vc_column_text css=&#8221;&#8221;] O\u015bwiadczenie o ochronie danych Cieszymy si\u0119 bardzo z zainteresowania nasz\u0105 firm\u0105. Ochrona danych osobowych ma istotne znaczenie przy prowadzeniu spraw od personal-connection GmbH. W zasadzie korzystanie ze stron internetowych personal-connection GmbH jest mo\u017cliwe bez konieczno\u015bci podawania jakichkolwiek danych osobowych. Je\u015bli jednak osoba, kt\u00f3rej dane dotycz\u0105, chcia\u0142aby korzysta\u0107 ze [&hellip;]\" \/>\n<meta property=\"og:url\" content=\"https:\/\/www.personal-connection.eu\/datenschutz\/\" \/>\n<meta property=\"og:site_name\" content=\"personal-connection\" \/>\n<meta property=\"article:modified_time\" content=\"2025-05-05T08:44:54+00:00\" \/>\n<meta name=\"twitter:card\" content=\"summary_large_image\" \/>\n<meta name=\"twitter:label1\" content=\"Szacowany czas czytania\" \/>\n\t<meta name=\"twitter:data1\" content=\"25 minut\" \/>\n<script type=\"application\/ld+json\" class=\"yoast-schema-graph\">{\"@context\":\"https:\\\/\\\/schema.org\",\"@graph\":[{\"@type\":\"WebPage\",\"@id\":\"https:\\\/\\\/www.personal-connection.eu\\\/datenschutz\\\/\",\"url\":\"https:\\\/\\\/www.personal-connection.eu\\\/datenschutz\\\/\",\"name\":\"Datenschutz - personal-connection\",\"isPartOf\":{\"@id\":\"https:\\\/\\\/www.personal-connection.eu\\\/#website\"},\"datePublished\":\"2017-07-12T17:43:21+00:00\",\"dateModified\":\"2025-05-05T08:44:54+00:00\",\"breadcrumb\":{\"@id\":\"https:\\\/\\\/www.personal-connection.eu\\\/datenschutz\\\/#breadcrumb\"},\"inLanguage\":\"pl-PL\",\"potentialAction\":[{\"@type\":\"ReadAction\",\"target\":[\"https:\\\/\\\/www.personal-connection.eu\\\/datenschutz\\\/\"]}]},{\"@type\":\"BreadcrumbList\",\"@id\":\"https:\\\/\\\/www.personal-connection.eu\\\/datenschutz\\\/#breadcrumb\",\"itemListElement\":[{\"@type\":\"ListItem\",\"position\":1,\"name\":\"Startseite\",\"item\":\"https:\\\/\\\/www.personal-connection.eu\\\/\"},{\"@type\":\"ListItem\",\"position\":2,\"name\":\"Datenschutz\"}]},{\"@type\":\"WebSite\",\"@id\":\"https:\\\/\\\/www.personal-connection.eu\\\/#website\",\"url\":\"https:\\\/\\\/www.personal-connection.eu\\\/\",\"name\":\"personal-connection\",\"description\":\"Vermittlung von Busfahrern in Deutschland\",\"potentialAction\":[{\"@type\":\"SearchAction\",\"target\":{\"@type\":\"EntryPoint\",\"urlTemplate\":\"https:\\\/\\\/www.personal-connection.eu\\\/?s={search_term_string}\"},\"query-input\":{\"@type\":\"PropertyValueSpecification\",\"valueRequired\":true,\"valueName\":\"search_term_string\"}}],\"inLanguage\":\"pl-PL\"}]}<\/script>\n<!-- \/ Yoast SEO plugin. -->","yoast_head_json":{"title":"Datenschutz - personal-connection","robots":{"index":"index","follow":"follow","max-snippet":"max-snippet:-1","max-image-preview":"max-image-preview:large","max-video-preview":"max-video-preview:-1"},"canonical":"https:\/\/www.personal-connection.eu\/datenschutz\/","og_locale":"pl_PL","og_type":"article","og_title":"Datenschutz - personal-connection","og_description":"[vc_row css=&#8221;.vc_custom_1499881382708{padding-top: 50px !important;padding-bottom: 50px !important;}&#8221;][vc_column][vc_raw_js]JTNDc2NyaXB0JTIwdHlwZSUzRCUyMnRleHQlMkZqYXZhc2NyaXB0JTIyJTNFJTBBdmFyJTIwZ2FQcm9wZXJ0eSUyMCUzRCUyMCUyN1VBLTExMzg4Mjc3MS0xJTI3JTNCJTBBdmFyJTIwZGlzYWJsZVN0ciUyMCUzRCUyMCUyN2dhLWRpc2FibGUtJTI3JTIwJTJCJTIwZ2FQcm9wZXJ0eSUzQiUwQWlmJTIwJTI4ZG9jdW1lbnQuY29va2llLmluZGV4T2YlMjhkaXNhYmxlU3RyJTIwJTJCJTIwJTI3JTNEdHJ1ZSUyNyUyOSUyMCUzRSUyMC0xJTI5JTIwJTdCJTBBd2luZG93JTVCZGlzYWJsZVN0ciU1RCUyMCUzRCUyMHRydWUlM0IlMEElN0QlMEFmdW5jdGlvbiUyMGdhT3B0b3V0JTI4JTI5JTIwJTdCJTBBZG9jdW1lbnQuY29va2llJTIwJTNEJTIwZGlzYWJsZVN0ciUyMCUyQiUyMCUyNyUzRHRydWUlM0IlMjBleHBpcmVzJTNEVGh1JTJDJTIwMzElMjBEZWMlMjAyMDk5JTIwMjMlM0E1OSUzQTU5JTIwVVRDJTNCJTBBcGF0aCUzRCUyRiUyNyUzQiUwQXdpbmRvdyU1QmRpc2FibGVTdHIlNUQlMjAlM0QlMjB0cnVlJTNCJTBBJTdEJTBBJTNDJTJGc2NyaXB0JTNF[\/vc_raw_js][vc_row_inner][vc_column_inner][vc_column_text css=&#8221;&#8221;] O\u015bwiadczenie o ochronie danych Cieszymy si\u0119 bardzo z zainteresowania nasz\u0105 firm\u0105. Ochrona danych osobowych ma istotne znaczenie przy prowadzeniu spraw od personal-connection GmbH. W zasadzie korzystanie ze stron internetowych personal-connection GmbH jest mo\u017cliwe bez konieczno\u015bci podawania jakichkolwiek danych osobowych. Je\u015bli jednak osoba, kt\u00f3rej dane dotycz\u0105, chcia\u0142aby korzysta\u0107 ze [&hellip;]","og_url":"https:\/\/www.personal-connection.eu\/datenschutz\/","og_site_name":"personal-connection","article_modified_time":"2025-05-05T08:44:54+00:00","twitter_card":"summary_large_image","twitter_misc":{"Szacowany czas czytania":"25 minut"},"schema":{"@context":"https:\/\/schema.org","@graph":[{"@type":"WebPage","@id":"https:\/\/www.personal-connection.eu\/datenschutz\/","url":"https:\/\/www.personal-connection.eu\/datenschutz\/","name":"Datenschutz - personal-connection","isPartOf":{"@id":"https:\/\/www.personal-connection.eu\/#website"},"datePublished":"2017-07-12T17:43:21+00:00","dateModified":"2025-05-05T08:44:54+00:00","breadcrumb":{"@id":"https:\/\/www.personal-connection.eu\/datenschutz\/#breadcrumb"},"inLanguage":"pl-PL","potentialAction":[{"@type":"ReadAction","target":["https:\/\/www.personal-connection.eu\/datenschutz\/"]}]},{"@type":"BreadcrumbList","@id":"https:\/\/www.personal-connection.eu\/datenschutz\/#breadcrumb","itemListElement":[{"@type":"ListItem","position":1,"name":"Startseite","item":"https:\/\/www.personal-connection.eu\/"},{"@type":"ListItem","position":2,"name":"Datenschutz"}]},{"@type":"WebSite","@id":"https:\/\/www.personal-connection.eu\/#website","url":"https:\/\/www.personal-connection.eu\/","name":"personal-connection","description":"Vermittlung von Busfahrern in Deutschland","potentialAction":[{"@type":"SearchAction","target":{"@type":"EntryPoint","urlTemplate":"https:\/\/www.personal-connection.eu\/?s={search_term_string}"},"query-input":{"@type":"PropertyValueSpecification","valueRequired":true,"valueName":"search_term_string"}}],"inLanguage":"pl-PL"}]}},"_links":{"self":[{"href":"https:\/\/www.personal-connection.eu\/pl\/wp-json\/wp\/v2\/pages\/141","targetHints":{"allow":["GET"]}}],"collection":[{"href":"https:\/\/www.personal-connection.eu\/pl\/wp-json\/wp\/v2\/pages"}],"about":[{"href":"https:\/\/www.personal-connection.eu\/pl\/wp-json\/wp\/v2\/types\/page"}],"author":[{"embeddable":true,"href":"https:\/\/www.personal-connection.eu\/pl\/wp-json\/wp\/v2\/users\/2"}],"replies":[{"embeddable":true,"href":"https:\/\/www.personal-connection.eu\/pl\/wp-json\/wp\/v2\/comments?post=141"}],"version-history":[{"count":18,"href":"https:\/\/www.personal-connection.eu\/pl\/wp-json\/wp\/v2\/pages\/141\/revisions"}],"predecessor-version":[{"id":6782,"href":"https:\/\/www.personal-connection.eu\/pl\/wp-json\/wp\/v2\/pages\/141\/revisions\/6782"}],"wp:attachment":[{"href":"https:\/\/www.personal-connection.eu\/pl\/wp-json\/wp\/v2\/media?parent=141"}],"curies":[{"name":"wp","href":"https:\/\/api.w.org\/{rel}","templated":true}]}}